{"id":1896,"date":"2025-06-04T14:25:49","date_gmt":"2025-06-04T14:25:49","guid":{"rendered":"https:\/\/marymarchantepsicologa.com\/?page_id=1896"},"modified":"2026-04-06T22:34:08","modified_gmt":"2026-04-06T22:34:08","slug":"politica-de-privacidad","status":"publish","type":"page","link":"https:\/\/marymarchantepsicologa.com\/en\/politica-de-privacidad\/","title":{"rendered":"Pol\u00edtica de Privacidad"},"content":{"rendered":"<div data-elementor-type=\"wp-page\" data-elementor-id=\"1896\" class=\"elementor elementor-1896\" data-elementor-post-type=\"page\">\n\t\t\t\t\t\t<section class=\"elementor-section elementor-top-section elementor-element elementor-element-ad8accb elementor-section-boxed elementor-section-height-default elementor-section-height-default\" data-id=\"ad8accb\" data-element_type=\"section\" data-e-type=\"section\" data-settings=\"{&quot;background_background&quot;:&quot;classic&quot;}\">\n\t\t\t\t\t\t<div class=\"elementor-container elementor-column-gap-default\">\n\t\t\t\t\t<div class=\"elementor-column elementor-col-100 elementor-top-column elementor-element elementor-element-c52c467\" data-id=\"c52c467\" data-element_type=\"column\" data-e-type=\"column\">\n\t\t\t<div class=\"elementor-widget-wrap elementor-element-populated\">\n\t\t\t\t\t\t<div class=\"elementor-element elementor-element-ec83bc5 elementor-widget elementor-widget-spacer\" data-id=\"ec83bc5\" data-element_type=\"widget\" data-e-type=\"widget\" data-widget_type=\"spacer.default\">\n\t\t\t\t<div class=\"elementor-widget-container\">\n\t\t\t\t\t\t\t<div class=\"elementor-spacer\">\n\t\t\t<div class=\"elementor-spacer-inner\"><\/div>\n\t\t<\/div>\n\t\t\t\t\t\t<\/div>\n\t\t\t\t<\/div>\n\t\t\t\t\t<\/div>\n\t\t<\/div>\n\t\t\t\t\t<\/div>\n\t\t<\/section>\n\t\t\t\t<section class=\"elementor-section elementor-top-section elementor-element elementor-element-827adaf elementor-section-boxed elementor-section-height-default elementor-section-height-default\" data-id=\"827adaf\" data-element_type=\"section\" data-e-type=\"section\">\n\t\t\t\t\t\t<div class=\"elementor-container elementor-column-gap-default\">\n\t\t\t\t\t<div class=\"elementor-column elementor-col-100 elementor-top-column elementor-element elementor-element-cdc76d9\" data-id=\"cdc76d9\" data-element_type=\"column\" data-e-type=\"column\">\n\t\t\t<div class=\"elementor-widget-wrap elementor-element-populated\">\n\t\t\t\t\t\t<div class=\"elementor-element elementor-element-c8f5bd5 elementor-widget elementor-widget-heading\" data-id=\"c8f5bd5\" data-element_type=\"widget\" data-e-type=\"widget\" data-widget_type=\"heading.default\">\n\t\t\t\t<div class=\"elementor-widget-container\">\n\t\t\t\t\t<h2 class=\"elementor-heading-title elementor-size-default\">Pol\u00edtica de Privacidad<\/h2>\t\t\t\t<\/div>\n\t\t\t\t<\/div>\n\t\t\t\t\t<\/div>\n\t\t<\/div>\n\t\t\t\t\t<\/div>\n\t\t<\/section>\n\t\t\t\t<section class=\"elementor-section elementor-top-section elementor-element elementor-element-5b05c270 elementor-section-boxed elementor-section-height-default elementor-section-height-default\" data-id=\"5b05c270\" data-element_type=\"section\" data-e-type=\"section\">\n\t\t\t\t\t\t<div class=\"elementor-container elementor-column-gap-default\">\n\t\t\t\t\t<div class=\"elementor-column elementor-col-100 elementor-top-column elementor-element elementor-element-2d9ada9a\" data-id=\"2d9ada9a\" data-element_type=\"column\" data-e-type=\"column\">\n\t\t\t<div class=\"elementor-widget-wrap elementor-element-populated\">\n\t\t\t\t\t\t<div class=\"elementor-element elementor-element-b1a04d1 elementor-widget elementor-widget-text-editor\" data-id=\"b1a04d1\" data-element_type=\"widget\" data-e-type=\"widget\" data-widget_type=\"text-editor.default\">\n\t\t\t\t<div class=\"elementor-widget-container\">\n\t\t\t\t\t\t\t\t\t<p>RESPONSABLE DEL TRATAMIENTO<\/p><p>El Responsable del Tratamiento es MARIA DEL CARMEN FERNANDEZ MARCHANTE, Calle Galera, N\u00famero 6, 11100, San Fernando (CADIZ).<\/p><p>Principios de privacidad<\/p><p>Desde MARIA DEL CARMEN FERNANDEZ MARCHANTE nos comprometemos contigo a trabajar continuamente para garantizar la privacidad en el tratamiento de tus datos personales, y para ofrecerte en cada momento la informaci\u00f3n m\u00e1s completa y clara que podamos. Te animamos a leer detenidamente esta secci\u00f3n antes de facilitarnos tus datos personales.<br \/>Si eres menor de catorce a\u00f1os te rogamos que no nos facilites tus datos sin consentimiento de tus padres.<br \/>En este apartado te informamos de c\u00f3mo tratamos los datos de las personas que tienen relaci\u00f3n con nuestra organizaci\u00f3n. Empezando por nuestros principios:<br \/>&#8211; No solicitamos informaci\u00f3n personal, a no ser que sea necesaria para prestarte los servicios que nos requieras.<br \/>&#8211; Nunca compartimos informaci\u00f3n personal con nadie, excepto para cumplir la ley, o contemos con tu autorizaci\u00f3n expresa.<br \/>&#8211; Nunca utilizaremos tus datos personales para finalidades distintas a las expresadas en la presente pol\u00edtica de privacidad.<br \/>&#8211; Tus datos siempre ser\u00e1n tratados con un nivel de protecci\u00f3n adecuado a la legislaci\u00f3n en materia de protecci\u00f3n de datos, y no los someteremos a decisiones automatizadas.<\/p><p>La presente pol\u00edtica de privacidad la hemos redactado teniendo en cuenta las exigencias de la actual legislaci\u00f3n de protecci\u00f3n de datos:<br \/>&#8211; Reglamento (UE) 2016\/679 del Parlamento Europeo y del Consejo de 27 de abril de 2016 relativo a la protecci\u00f3n de las personas f\u00edsicas (RGPD).<br \/>&#8211; Ley Org\u00e1nica 3\/2018, de 5 de diciembre, de Protecci\u00f3n de Datos de Car\u00e1cter Personal y garant\u00eda de los derechos digitales (LOPD).<br \/>&#8211; Real Decreto 1720\/2007, de 21 de diciembre (RLOPD).<\/p><p>Con motivo de la modificaci\u00f3n de criterios de tratamiento, en aras de facilitar su comprensi\u00f3n o de adaptarla a la legalidad vigente, es posible que modifiquemos la presente pol\u00edtica de privacidad. Te recomendamos que la visites regularmente.<\/p><p>Tratamientos que realizamos<\/p><p>Tratamiento de Contactos<br \/>Base Jur\u00eddica: Consentimiento del interesado<br \/>Fines del Tratamiento: Atender su solicitud, enviarle informaci\u00f3n y realizar un seguimiento de la solicitud.<br \/>Colectivo: Personas de contacto, clientes, proveedores<br \/>Categor\u00edas de Datos: Nombre y apellidos, tel\u00e9fono, direcci\u00f3n de email<br \/>Categor\u00edas de Destinatarios: No se contemplan cesiones de datos a terceros.<br \/>Transferencias Internacionales: No est\u00e1n previstas transferencias internacionales de los datos.<br \/>Plazo de Supresi\u00f3n: Los datos de contacto se conservar\u00e1n durante el tiempo necesario para cumplir con la finalidad para la que se recabaron o hasta que el interesado revoque su consentimiento.<br \/>Medidas de Seguridad: Adaptadas a las exigencias del Reglamento (EU) 2016\/679, Reglamento General de Protecci\u00f3n de Datos.<\/p><p>Tratamiento de Atenci\u00f3n derechos de las personas (ARCO)<br \/>Base Jur\u00eddica: RGPD: 6.1.c) Tratamiento necesario para el cumplimiento de una obligaci\u00f3n legal aplicable al responsable del tratamiento.<br \/>Reglamento General de Protecci\u00f3n de Datos.<br \/>Fines del Tratamiento: Atender las solicitudes en el ejercicio de los derechos que establece el Reglamento General de Protecci\u00f3n de Datos: Derecho de acceso, rectificaci\u00f3n, supresi\u00f3n, limitaci\u00f3n, portabilidad y oposici\u00f3n a la toma de decisiones automatizadas.<br \/>Colectivo: Personas f\u00edsicas que lo solicitan (empleados, clientes, proveedores, personas de contacto)<br \/>Categor\u00edas de Datos: Nombre y apellidos, direcci\u00f3n, firma y tel\u00e9fono.<br \/>Categor\u00edas de Destinatarios: Los datos personales podr\u00e1n ser comunicados a la Autoridad de Control (Agencia Espa\u00f1ola de Protecci\u00f3n de Datos) en el marco de una investigaci\u00f3n por tutela de derechos iniciada por el interesado.<br \/>Transferencias Internacionales: No est\u00e1n previstas transferencias internacionales de los datos.<br \/>Plazo de Supresi\u00f3n: Se conservar\u00e1n durante un plazo de cinco a\u00f1os desde el momento de la solicitud.<br \/>Medidas de Seguridad: Adaptadas a las exigencias del Reglamento (EU) 2016\/679, Reglamento General de Protecci\u00f3n de Datos.<\/p><p>Tratamiento de Proveedores<br \/>Base Jur\u00eddica: RGPD: 6.1.b) Tratamiento necesario para la ejecuci\u00f3n de un contrato en el que el interesado es parte o para la aplicaci\u00f3n a petici\u00f3n de \u00e9ste de medidas precontractuales.<br \/>RGPD: 6.1.c) Tratamiento necesario para el cumplimiento de una obligaci\u00f3n legal aplicable al responsable del tratamiento.<br \/>Real Decreto Legislativo 2\/2015, de 23 de octubre, por el que se aprueba el texto refundido de la Ley del Estatuto de los Trabajadores.<br \/>Ley 58\/2003, de 17 de diciembre, General Tributaria.<br \/>Fines del Tratamiento: &#8211; Adquisici\u00f3n de productos y\/o servicios que necesitamos para el desarrollo de nuestra actividad.<br \/>&#8211; Control de los subcontratistas si procede.<br \/>Colectivo: &#8211; Proveedores.<br \/>&#8211; Personas que trabajan para nuestros proveedores.<br \/>Categor\u00edas de Datos: &#8211; Nombre y apellidos, DNI\/NIF\/Documento identificativo, direcci\u00f3n, firma y tel\u00e9fono.<br \/>&#8211; Datos de detalle de empleo: puesto de trabajo. Formaci\u00f3n en seguridad laboral.<br \/>&#8211; Datos econ\u00f3mico financieros y de seguros: Datos bancarios.<br \/>Categor\u00edas de Destinatarios: &#8211; Entidades financieras. (Pago de facturas)<br \/>&#8211; Agencia Estatal de Administraci\u00f3n Tributaria.<br \/>Transferencias Internacionales: No est\u00e1n previstas transferencias internacionales de los datos.<br \/>Plazo de Supresi\u00f3n: Se conservar\u00e1n durante el tiempo necesario para cumplir con la finalidad para la que se recabaron y para determinar las posibles responsabilidades que se pudieran derivar de dicha finalidad y del tratamiento de los datos, conforme a la Ley 58\/2003, de 17 de diciembre, General Tributaria,<br \/>Medidas de Seguridad: Adaptadas a las exigencias del Reglamento (EU) 2016\/679, Reglamento General de Protecci\u00f3n de Datos.<\/p><p>Tratamiento de Clientes.<br \/>Base Jur\u00eddica: RGPD: 6.1.a) El interesado dio su consentimiento para el tratamiento de sus datos personales para uno o varios fines espec\u00edficos.<br \/>RGPD: 6.1.b) Tratamiento necesario para la ejecuci\u00f3n de un contrato en el que el interesado es parte o para la aplicaci\u00f3n a petici\u00f3n de \u00e9ste de medidas precontractuales.<br \/>RGPD: 6.1.c) Tratamiento necesario para el cumplimiento de una obligaci\u00f3n legal aplicable al responsable del tratamiento.<br \/>RGPD: 6.1.f) Tratamiento necesario para la satisfacci\u00f3n de intereses leg\u00edtimos del responsable del tratamiento.<\/p><p>Real Decreto Legislativo 2\/2015, de 23 de octubre, por el que se aprueba el texto refundido de la Ley del Estatuto de los Trabajadores.<br \/>Ley 58\/2003, de 17 de diciembre, General Tributaria.<br \/>Fines del Tratamiento: Suministro de nuestros productos \/ servicios<br \/>Colectivo: Clientes<br \/>Categor\u00edas de Datos: &#8211; Nombre y apellidos, DNI\/NIF\/Documento identificativo, direcci\u00f3n, firma y tel\u00e9fono.<br \/>&#8211; Datos econ\u00f3mico financieros y de seguros: Datos bancarios<br \/>Categor\u00edas de Destinatarios: &#8211; Entidades financieras.<br \/>&#8211; Agencia Estatal de Administraci\u00f3n Tributaria.<br \/>Transferencias Internacionales: No est\u00e1n previstas transferencias internacionales de los datos.<br \/>Plazo de Supresi\u00f3n: Se conservar\u00e1n durante el tiempo necesario para cumplir con la finalidad para la que se recabaron y para determinar las posibles responsabilidades que se pudieran derivar de dicha finalidad y del tratamiento de los datos, conforme a la Ley 58\/2003, de 17 de diciembre, General Tributaria,<br \/>Medidas de Seguridad: Adaptadas a las exigencias del Reglamento (EU) 2016\/679, Reglamento General de Protecci\u00f3n de Datos.<\/p><p>Tratamiento de Notificaci\u00f3n de Brechas de Seguridad<br \/>Base Jur\u00eddica: RGPD: 6.1.c) Tratamiento necesario para el cumplimiento de una obligaci\u00f3n legal aplicable al responsable del tratamiento.<br \/>Reglamento General de Protecci\u00f3n de Datos. Art\u00edculos 33 y 34<br \/>Fines del Tratamiento: Gesti\u00f3n y evaluaci\u00f3n de las brechas de seguridad que se produjeren en nuestra organizaci\u00f3n.<br \/>Colectivo: Variable: Empleados, Clientes, Proveedores, Personas de Contacto (depender\u00e1 de la brecha de seguridad)<br \/>Categor\u00edas de Datos: Variable. (Depender\u00e1 de la brecha de seguridad)<br \/>Categor\u00edas de Destinatarios: &#8211; Agencia Espa\u00f1ola de Protecci\u00f3n de Datos.<br \/>&#8211; Fuerzas y Cuerpos de Seguridad del Estado.<br \/>Transferencias Internacionales: No est\u00e1n previstas transferencias internacionales de los datos.<br \/>Plazo de Supresi\u00f3n: Se conservar\u00e1n durante el tiempo necesario para cumplir con la finalidad para la que se recabaron y para determinar las posibles responsabilidades que se pudieran derivar de dicha finalidad y del tratamiento de los datos. Ser\u00e1 de aplicaci\u00f3n lo dispuesto en la normativa de archivos y documentaci\u00f3n.<br \/>Medidas de Seguridad: Adaptadas a las exigencias del Reglamento (EU) 2016\/679, Reglamento General de Protecci\u00f3n de Datos.<\/p><p>Tratamiento de Historiales Cl\u00ednicos<br \/>Base Jur\u00eddica: Reglamento (UE) 2016\/679 (RGPD):<br \/>Art\u00edculo 6.1.a): El tratamiento es l\u00edcito si el interesado dio su consentimiento para el tratamiento de sus datos personales para uno o varios fines espec\u00edficos.<br \/>Art\u00edculo 6.1.b): El tratamiento es necesario para la ejecuci\u00f3n de un contrato en el que el interesado es parte o para la aplicaci\u00f3n a petici\u00f3n de este de medidas precontractuales.<br \/>Art\u00edculo 9.2.h): El tratamiento de datos de salud es l\u00edcito si es necesario para fines de medicina preventiva, diagn\u00f3stico m\u00e9dico, atenci\u00f3n sanitaria o gesti\u00f3n de servicios de salud y se lleva a cabo por un profesional de la salud sujeto a un deber de secreto profesional.<br \/>Ley Org\u00e1nica 3\/2018, de 5 de diciembre (LOPDGDD):<br \/>Art\u00edculo 6.1: El tratamiento de datos personales requerir\u00e1 el consentimiento del interesado, salvo en los casos previstos en el art\u00edculo 9 del RGPD.<br \/>Art\u00edculo 9: Establece las condiciones espec\u00edficas para el tratamiento de datos personales especialmente protegidos, como los datos de salud.<br \/>Ley 41\/2002, de 14 de noviembre:<br \/>Art\u00edculo 3: Derecho a la autonom\u00eda del paciente y a la informaci\u00f3n, estableciendo la necesidad de obtener el consentimiento informado del paciente para el tratamiento de su informaci\u00f3n cl\u00ednica.<br \/>C\u00f3digo Deontol\u00f3gico de la Psicolog\u00eda:<br \/>Art\u00edculo 10: Confidencialidad, que establece la obligaci\u00f3n del psic\u00f3logo de respetar la confidencialidad de la informaci\u00f3n obtenida en el ejercicio de su profesi\u00f3n, salvo en los supuestos establecidos por la ley.<br \/>Art\u00edculo 12: Consentimiento informado, que requiere que el psic\u00f3logo obtenga el consentimiento del paciente antes de iniciar cualquier tipo de intervenci\u00f3n o tratamiento.<br \/>Fines del Tratamiento: Proporcionar atenci\u00f3n psicol\u00f3gica y realizar las evaluaciones necesarias.<br \/>Elaborar y mantener actualizadas las historias cl\u00ednicas de los pacientes.<br \/>Realizar seguimientos terap\u00e9uticos y ajustes en los tratamientos seg\u00fan la evoluci\u00f3n del paciente.<br \/>Cumplir con la normativa legal en materia de salud y protecci\u00f3n de datos.<br \/>Colectivo: Pacientes.<br \/>Categor\u00edas de Datos: Datos de identificaci\u00f3n: Nombre, apellidos, DNI\/NIE, direcci\u00f3n, tel\u00e9fono, correo electr\u00f3nico.<br \/>Datos de salud: Informaci\u00f3n relacionada con el historial cl\u00ednico, diagn\u00f3stico, tratamiento, evoluci\u00f3n y cualquier dato relevante para la atenci\u00f3n psicol\u00f3gica.<br \/>Datos de car\u00e1cter especial: Posibles datos sobre la salud mental, antecedentes familiares, y otros datos sensibles que sean relevantes para la terapia.<br \/>Categor\u00edas de Destinatarios: Entidades externas: En caso de ser necesario, los datos podr\u00e1n ser compartidos con otras entidades de salud (hospitales, m\u00e9dicos de cabecera, etc.) para garantizar una atenci\u00f3n integral, siempre bajo el consentimiento del paciente.<br \/>Requerimientos legales: Los datos pueden ser entregados a las autoridades competentes si se requiere por ley.<br \/>Transferencias Internacionales: No est\u00e1n previstas transferencias internacionales de los datos.<br \/>Plazo de Supresi\u00f3n: Las historias cl\u00ednicas deben conservarse durante un per\u00edodo m\u00ednimo de 5 a\u00f1os a partir de la \u00faltima consulta del paciente. Este plazo puede extenderse en funci\u00f3n de las normativas espec\u00edficas aplicables en cada comunidad aut\u00f3noma.<br \/>Medidas de Seguridad: Adaptadas a las exigencias del Reglamento (EU) 2016\/679, Reglamento General de Protecci\u00f3n de Datos.<\/p><p>TUS DERECHOS<\/p><p>Tienes derecho a solicitarnos una copia de tus datos personales, a rectificar los datos inexactos o completarlos si estuvieren incompletos, o en su caso suprimirlos, cuando ya no sean necesarios para los fines para los que fueron recogidos.<\/p><p>Tambi\u00e9n tienes derecho a limitar el tratamiento de tus datos personales y a obtener tus datos personales en un formato estructurado y legible.<\/p><p>Puedes oponerte al tratamiento de tus datos personales en algunas circunstancias (en particular, cuando no tengamos que procesarlos para cumplir con un requisito contractual u otro requisito legal, o cuando el objeto del tratamiento sea el marketing directo).<\/p><p>Cuando nos hayas otorgado tu consentimiento, podr\u00e1s retirarlo en cualquier momento. En ese momento dejaremos de tratar tus datos o, en su caso, dejaremos de hacerlo para esa finalidad en concreto. Si decides retirar tu consentimiento, esto no afectar\u00e1 a ning\u00fan tratamiento que haya tenido lugar mientras tu consentimiento estaba vigente.<\/p><p>Estos derechos podr\u00e1n verse limitados; por ejemplo si para cumplir tu solicitud tuvi\u00e9semos que revelar datos sobre otra persona, o si nos solicitas que eliminemos algunos registros que estamos obligados a mantener por una obligaci\u00f3n legal o por un inter\u00e9s leg\u00edtimo, como pueda ser el ejercicio de defensa ante reclamaciones. O incluso en aquellos casos donde debe prevalecer el derecho a la libertad de expresi\u00f3n e informaci\u00f3n.<\/p><p>Puedes contactar con nosotros por cualquiera de los medios indicados en el apartado Responsable del Tratamiento de esta pol\u00edtica de privacidad, aportando una copia de un documento que acredite tu identidad (normalmente el DNI).<\/p><p>Otro de tus derechos es el de no ser objeto de una decisi\u00f3n basada \u00fanicamente en un tratamiento automatizado, incluida la elaboraci\u00f3n de perfiles que produzca efectos jur\u00eddicos o te afecte.<\/p><p>Frente a cualquier vulneraci\u00f3n de tus derechos, como, por ejemplo, que no hayamos atendido tu solicitud, tienes derecho a presentar una reclamaci\u00f3n ante la Autoridad de Control en materia de protecci\u00f3n de datos. Esta puede ser la de tu pa\u00eds (si vives fuera de Espa\u00f1a) o la Agencia Espa\u00f1ola de Protecci\u00f3n de Datos (si vives en Espa\u00f1a).<\/p><p>Informaci\u00f3n adicional<\/p><p>Enlaces a sitios web de terceros.<br \/>Nuestro sitio web puede, en algunas ocasiones, contener enlaces hacia otros sitios web. Es tu responsabilidad asegurarte de leer la pol\u00edtica de protecci\u00f3n de datos y las condiciones legales que se apliquen a cada sitio.<\/p><p>Datos de terceros.<br \/>Si nos facilitas datos de terceros, asumes la responsabilidad de informarles previamente seg\u00fan lo establecido en el art\u00edculo 14 del RGPD.<\/p>\t\t\t\t\t\t\t\t<\/div>\n\t\t\t\t<\/div>\n\t\t\t\t\t<\/div>\n\t\t<\/div>\n\t\t\t\t\t<\/div>\n\t\t<\/section>\n\t\t\t\t<\/div>","protected":false},"excerpt":{"rendered":"<p>Pol\u00edtica de Privacidad RESPONSABLE DEL TRATAMIENTO El Responsable del Tratamiento es MARIA DEL CARMEN FERNANDEZ MARCHANTE, Calle Galera, N\u00famero 6, 11100, San Fernando (CADIZ). Principios de privacidad Desde MARIA DEL CARMEN FERNANDEZ MARCHANTE nos comprometemos contigo a trabajar continuamente para garantizar la privacidad en el tratamiento de tus datos personales, y para ofrecerte en cada [&hellip;]<\/p>\n","protected":false},"author":1,"featured_media":0,"parent":0,"menu_order":0,"comment_status":"closed","ping_status":"closed","template":"","meta":{"footnotes":""},"class_list":["post-1896","page","type-page","status-publish","hentry"],"yoast_head":"<!-- This site is optimized with the Yoast SEO plugin v27.5 - https:\/\/yoast.com\/product\/yoast-seo-wordpress\/ -->\n<title>Pol\u00edtica de Privacidad - Mary Marchante<\/title>\n<meta name=\"description\" content=\"Conoce c\u00f3mo protegemos tus datos en nuestra consulta. Te explicamos de forma clara c\u00f3mo recogemos, usamos y cuidamos tu informaci\u00f3n.\" \/>\n<meta name=\"robots\" content=\"noindex, follow\" \/>\n<meta property=\"og:locale\" content=\"en_US\" \/>\n<meta property=\"og:type\" content=\"article\" \/>\n<meta property=\"og:title\" content=\"Pol\u00edtica de Privacidad - Mary Marchante\" \/>\n<meta property=\"og:description\" content=\"Conoce c\u00f3mo protegemos tus datos en nuestra consulta. Te explicamos de forma clara c\u00f3mo recogemos, usamos y cuidamos tu informaci\u00f3n.\" \/>\n<meta property=\"og:url\" content=\"https:\/\/marymarchantepsicologa.com\/en\/politica-de-privacidad\/\" \/>\n<meta property=\"og:site_name\" content=\"Mary Marchante\" \/>\n<meta property=\"article:publisher\" content=\"https:\/\/www.instagram.com\/marymarchantepsicologa\/\" \/>\n<meta property=\"article:modified_time\" content=\"2026-04-06T22:34:08+00:00\" \/>\n<meta name=\"twitter:card\" content=\"summary_large_image\" \/>\n<meta name=\"twitter:label1\" content=\"Est. reading time\" \/>\n\t<meta name=\"twitter:data1\" content=\"10 minutes\" \/>\n<script type=\"application\/ld+json\" class=\"yoast-schema-graph\">{\"@context\":\"https:\\\/\\\/schema.org\",\"@graph\":[{\"@type\":\"WebPage\",\"@id\":\"https:\\\/\\\/marymarchantepsicologa.com\\\/politica-de-privacidad\\\/\",\"url\":\"https:\\\/\\\/marymarchantepsicologa.com\\\/politica-de-privacidad\\\/\",\"name\":\"Pol\u00edtica de Privacidad - Mary Marchante\",\"isPartOf\":{\"@id\":\"https:\\\/\\\/marymarchantepsicologa.com\\\/#website\"},\"datePublished\":\"2025-06-04T14:25:49+00:00\",\"dateModified\":\"2026-04-06T22:34:08+00:00\",\"description\":\"Conoce c\u00f3mo protegemos tus datos en nuestra consulta. Te explicamos de forma clara c\u00f3mo recogemos, usamos y cuidamos tu informaci\u00f3n.\",\"breadcrumb\":{\"@id\":\"https:\\\/\\\/marymarchantepsicologa.com\\\/politica-de-privacidad\\\/#breadcrumb\"},\"inLanguage\":\"en-US\",\"potentialAction\":[{\"@type\":\"ReadAction\",\"target\":[\"https:\\\/\\\/marymarchantepsicologa.com\\\/politica-de-privacidad\\\/\"]}]},{\"@type\":\"BreadcrumbList\",\"@id\":\"https:\\\/\\\/marymarchantepsicologa.com\\\/politica-de-privacidad\\\/#breadcrumb\",\"itemListElement\":[{\"@type\":\"ListItem\",\"position\":1,\"name\":\"Inicio\",\"item\":\"https:\\\/\\\/marymarchantepsicologa.com\\\/\"},{\"@type\":\"ListItem\",\"position\":2,\"name\":\"Pol\u00edtica de Privacidad\"}]},{\"@type\":\"WebSite\",\"@id\":\"https:\\\/\\\/marymarchantepsicologa.com\\\/#website\",\"url\":\"https:\\\/\\\/marymarchantepsicologa.com\\\/\",\"name\":\"www.marymarchantepsicologa.com\",\"description\":\"Psic\u00f3loga en Carabanchel Alto\",\"publisher\":{\"@id\":\"https:\\\/\\\/marymarchantepsicologa.com\\\/#organization\"},\"potentialAction\":[{\"@type\":\"SearchAction\",\"target\":{\"@type\":\"EntryPoint\",\"urlTemplate\":\"https:\\\/\\\/marymarchantepsicologa.com\\\/?s={search_term_string}\"},\"query-input\":{\"@type\":\"PropertyValueSpecification\",\"valueRequired\":true,\"valueName\":\"search_term_string\"}}],\"inLanguage\":\"en-US\"},{\"@type\":\"Organization\",\"@id\":\"https:\\\/\\\/marymarchantepsicologa.com\\\/#organization\",\"name\":\"Mary Marchante Psic\u00f3loga\",\"url\":\"https:\\\/\\\/marymarchantepsicologa.com\\\/\",\"logo\":{\"@type\":\"ImageObject\",\"inLanguage\":\"en-US\",\"@id\":\"https:\\\/\\\/marymarchantepsicologa.com\\\/#\\\/schema\\\/logo\\\/image\\\/\",\"url\":\"https:\\\/\\\/marymarchantepsicologa.com\\\/wp-content\\\/uploads\\\/2022\\\/07\\\/Mary-Marchante-con-fondo-logo-.png\",\"contentUrl\":\"https:\\\/\\\/marymarchantepsicologa.com\\\/wp-content\\\/uploads\\\/2022\\\/07\\\/Mary-Marchante-con-fondo-logo-.png\",\"width\":500,\"height\":500,\"caption\":\"Mary Marchante Psic\u00f3loga\"},\"image\":{\"@id\":\"https:\\\/\\\/marymarchantepsicologa.com\\\/#\\\/schema\\\/logo\\\/image\\\/\"},\"sameAs\":[\"https:\\\/\\\/www.instagram.com\\\/marymarchantepsicologa\\\/\",\"https:\\\/\\\/www.tiktok.com\\\/@marymarchantepsicologa\"]}]}<\/script>\n<!-- \/ Yoast SEO plugin. -->","yoast_head_json":{"title":"Pol\u00edtica de Privacidad - Mary Marchante","description":"Conoce c\u00f3mo protegemos tus datos en nuestra consulta. Te explicamos de forma clara c\u00f3mo recogemos, usamos y cuidamos tu informaci\u00f3n.","robots":{"index":"noindex","follow":"follow"},"og_locale":"en_US","og_type":"article","og_title":"Pol\u00edtica de Privacidad - Mary Marchante","og_description":"Conoce c\u00f3mo protegemos tus datos en nuestra consulta. Te explicamos de forma clara c\u00f3mo recogemos, usamos y cuidamos tu informaci\u00f3n.","og_url":"https:\/\/marymarchantepsicologa.com\/en\/politica-de-privacidad\/","og_site_name":"Mary Marchante","article_publisher":"https:\/\/www.instagram.com\/marymarchantepsicologa\/","article_modified_time":"2026-04-06T22:34:08+00:00","twitter_card":"summary_large_image","twitter_misc":{"Est. reading time":"10 minutes"},"schema":{"@context":"https:\/\/schema.org","@graph":[{"@type":"WebPage","@id":"https:\/\/marymarchantepsicologa.com\/politica-de-privacidad\/","url":"https:\/\/marymarchantepsicologa.com\/politica-de-privacidad\/","name":"Pol\u00edtica de Privacidad - Mary Marchante","isPartOf":{"@id":"https:\/\/marymarchantepsicologa.com\/#website"},"datePublished":"2025-06-04T14:25:49+00:00","dateModified":"2026-04-06T22:34:08+00:00","description":"Conoce c\u00f3mo protegemos tus datos en nuestra consulta. Te explicamos de forma clara c\u00f3mo recogemos, usamos y cuidamos tu informaci\u00f3n.","breadcrumb":{"@id":"https:\/\/marymarchantepsicologa.com\/politica-de-privacidad\/#breadcrumb"},"inLanguage":"en-US","potentialAction":[{"@type":"ReadAction","target":["https:\/\/marymarchantepsicologa.com\/politica-de-privacidad\/"]}]},{"@type":"BreadcrumbList","@id":"https:\/\/marymarchantepsicologa.com\/politica-de-privacidad\/#breadcrumb","itemListElement":[{"@type":"ListItem","position":1,"name":"Inicio","item":"https:\/\/marymarchantepsicologa.com\/"},{"@type":"ListItem","position":2,"name":"Pol\u00edtica de Privacidad"}]},{"@type":"WebSite","@id":"https:\/\/marymarchantepsicologa.com\/#website","url":"https:\/\/marymarchantepsicologa.com\/","name":"www.marymarchantepsicologa.com","description":"Psic\u00f3loga en Carabanchel Alto","publisher":{"@id":"https:\/\/marymarchantepsicologa.com\/#organization"},"potentialAction":[{"@type":"SearchAction","target":{"@type":"EntryPoint","urlTemplate":"https:\/\/marymarchantepsicologa.com\/?s={search_term_string}"},"query-input":{"@type":"PropertyValueSpecification","valueRequired":true,"valueName":"search_term_string"}}],"inLanguage":"en-US"},{"@type":"Organization","@id":"https:\/\/marymarchantepsicologa.com\/#organization","name":"Mary Marchante Psic\u00f3loga","url":"https:\/\/marymarchantepsicologa.com\/","logo":{"@type":"ImageObject","inLanguage":"en-US","@id":"https:\/\/marymarchantepsicologa.com\/#\/schema\/logo\/image\/","url":"https:\/\/marymarchantepsicologa.com\/wp-content\/uploads\/2022\/07\/Mary-Marchante-con-fondo-logo-.png","contentUrl":"https:\/\/marymarchantepsicologa.com\/wp-content\/uploads\/2022\/07\/Mary-Marchante-con-fondo-logo-.png","width":500,"height":500,"caption":"Mary Marchante Psic\u00f3loga"},"image":{"@id":"https:\/\/marymarchantepsicologa.com\/#\/schema\/logo\/image\/"},"sameAs":["https:\/\/www.instagram.com\/marymarchantepsicologa\/","https:\/\/www.tiktok.com\/@marymarchantepsicologa"]}]}},"_links":{"self":[{"href":"https:\/\/marymarchantepsicologa.com\/en\/wp-json\/wp\/v2\/pages\/1896","targetHints":{"allow":["GET"]}}],"collection":[{"href":"https:\/\/marymarchantepsicologa.com\/en\/wp-json\/wp\/v2\/pages"}],"about":[{"href":"https:\/\/marymarchantepsicologa.com\/en\/wp-json\/wp\/v2\/types\/page"}],"author":[{"embeddable":true,"href":"https:\/\/marymarchantepsicologa.com\/en\/wp-json\/wp\/v2\/users\/1"}],"replies":[{"embeddable":true,"href":"https:\/\/marymarchantepsicologa.com\/en\/wp-json\/wp\/v2\/comments?post=1896"}],"version-history":[{"count":13,"href":"https:\/\/marymarchantepsicologa.com\/en\/wp-json\/wp\/v2\/pages\/1896\/revisions"}],"predecessor-version":[{"id":3606,"href":"https:\/\/marymarchantepsicologa.com\/en\/wp-json\/wp\/v2\/pages\/1896\/revisions\/3606"}],"wp:attachment":[{"href":"https:\/\/marymarchantepsicologa.com\/en\/wp-json\/wp\/v2\/media?parent=1896"}],"curies":[{"name":"wp","href":"https:\/\/api.w.org\/{rel}","templated":true}]}}